{"id":575,"date":"2025-07-09T11:11:00","date_gmt":"2025-07-09T09:11:00","guid":{"rendered":"https:\/\/melodicmaven-staging.epikx.fr\/?post_type=projects&#038;p=575"},"modified":"2026-08-28T18:32:32","modified_gmt":"2026-08-28T16:32:32","slug":"europaturm-frankfurt","status":"publish","type":"projects","link":"https:\/\/sill-lighting.com\/fr\/projets\/tour-europeenne-de-francfort\/","title":{"rendered":"Tour de l'Europe \u00e0 Francfort"},"content":{"rendered":"<p class=\"wp-block-paragraph\">L'Europaturm est une tour de t\u00e9l\u00e9communication de la Deutsche Telekom \u00e0 Francfort-sur-le-Main. Avec une hauteur de 337,5 m, elle est la deuxi\u00e8me plus haute d'Allemagne apr\u00e8s la tour de t\u00e9l\u00e9vision berlinoise \"Alex\" (368 m).<br>La technologie LED pr\u00e9cise de la soci\u00e9t\u00e9 Sammode, marque SILL, permet une \u00e9conomie d'\u00e9nergie significative pour l'\u00e9clairage de la tour. L'Europaturm de Francfort est illumin\u00e9 en blanc depuis le sol jusqu'\u00e0 la nacelle (227 m) \u00e0 l'aide du projecteur de type SILL 14L. Les plates-formes situ\u00e9es au-dessus de la nacelle devaient \u00eatre optimis\u00e9es sur le plan de l'\u00e9clairage et illumin\u00e9es principalement dans le magenta typique de Telekom. Le projecteur SILL 14M a \u00e9t\u00e9 utilis\u00e9, dot\u00e9 d'une technologie LED sp\u00e9ciale et d'une technique d'\u00e9clairage adapt\u00e9e \u00e0 la taille des plates-formes. Ce type de projecteur permet d'afficher diff\u00e9rentes couleurs librement s\u00e9lectionnables gr\u00e2ce \u00e0 un contr\u00f4le DMX externe. En fonctionnement normal, la couleur famili\u00e8re de Telekom est utilis\u00e9e : le magenta.<br>Le nombre et la position des projecteurs n\u00e9cessaires ont \u00e9t\u00e9 d\u00e9termin\u00e9s au moyen d'une planification 3D pr\u00e9alable. Douze projecteurs 14M ont \u00e9t\u00e9 install\u00e9s sur chaque plateforme.<\/p>\n\n\n\n<figure class=\"wp-block-image size-large\"><img loading=\"lazy\" decoding=\"async\" width=\"1024\" height=\"682\" src=\"https:\/\/sill-lighting.com\/wp-content\/uploads\/2024\/12\/Europaturm_Frankfurt_Sill_Website_1-1024x682.jpg\" alt=\"\" class=\"wp-image-577\" srcset=\"https:\/\/sill-lighting.com\/wp-content\/uploads\/2024\/12\/Europaturm_Frankfurt_Sill_Website_1-1024x682.jpg 1024w, https:\/\/sill-lighting.com\/wp-content\/uploads\/2024\/12\/Europaturm_Frankfurt_Sill_Website_1-300x200.jpg 300w, https:\/\/sill-lighting.com\/wp-content\/uploads\/2024\/12\/Europaturm_Frankfurt_Sill_Website_1-768x512.jpg 768w, https:\/\/sill-lighting.com\/wp-content\/uploads\/2024\/12\/Europaturm_Frankfurt_Sill_Website_1-1536x1024.jpg 1536w, https:\/\/sill-lighting.com\/wp-content\/uploads\/2024\/12\/Europaturm_Frankfurt_Sill_Website_1-18x12.jpg 18w, https:\/\/sill-lighting.com\/wp-content\/uploads\/2024\/12\/Europaturm_Frankfurt_Sill_Website_1.jpg 2000w\" sizes=\"auto, (max-width: 1024px) 100vw, 1024px\" \/><\/figure>\n\n\n\n<figure class=\"wp-block-image size-full\"><img loading=\"lazy\" decoding=\"async\" width=\"1343\" height=\"2000\" src=\"https:\/\/sill-lighting.com\/wp-content\/uploads\/2024\/12\/Europaturm_Frankfurt_Sill_Website_2.jpg\" alt=\"\" class=\"wp-image-578\" srcset=\"https:\/\/sill-lighting.com\/wp-content\/uploads\/2024\/12\/Europaturm_Frankfurt_Sill_Website_2.jpg 1343w, https:\/\/sill-lighting.com\/wp-content\/uploads\/2024\/12\/Europaturm_Frankfurt_Sill_Website_2-201x300.jpg 201w, https:\/\/sill-lighting.com\/wp-content\/uploads\/2024\/12\/Europaturm_Frankfurt_Sill_Website_2-688x1024.jpg 688w, https:\/\/sill-lighting.com\/wp-content\/uploads\/2024\/12\/Europaturm_Frankfurt_Sill_Website_2-768x1144.jpg 768w\" sizes=\"auto, (max-width: 1343px) 100vw, 1343px\" \/><\/figure>\n\n\n\n<figure class=\"wp-block-image size-full\"><img loading=\"lazy\" decoding=\"async\" width=\"1347\" height=\"2000\" src=\"https:\/\/sill-lighting.com\/wp-content\/uploads\/2024\/12\/Europaturm_Frankfurt_Sill_Website_4.jpg\" alt=\"\" class=\"wp-image-579\" srcset=\"https:\/\/sill-lighting.com\/wp-content\/uploads\/2024\/12\/Europaturm_Frankfurt_Sill_Website_4.jpg 1347w, https:\/\/sill-lighting.com\/wp-content\/uploads\/2024\/12\/Europaturm_Frankfurt_Sill_Website_4-202x300.jpg 202w, https:\/\/sill-lighting.com\/wp-content\/uploads\/2024\/12\/Europaturm_Frankfurt_Sill_Website_4-690x1024.jpg 690w, https:\/\/sill-lighting.com\/wp-content\/uploads\/2024\/12\/Europaturm_Frankfurt_Sill_Website_4-768x1140.jpg 768w, https:\/\/sill-lighting.com\/wp-content\/uploads\/2024\/12\/Europaturm_Frankfurt_Sill_Website_4-1034x1536.jpg 1034w, https:\/\/sill-lighting.com\/wp-content\/uploads\/2024\/12\/Europaturm_Frankfurt_Sill_Website_4-8x12.jpg 8w\" sizes=\"auto, (max-width: 1347px) 100vw, 1347px\" \/><\/figure>","protected":false},"featured_media":576,"template":"","meta":{"_acf_changed":true},"class_list":["post-575","projects","type-projects","status-publish","has-post-thumbnail","hentry"],"acf":[],"yoast_head":"<!-- This site is optimized with the Yoast SEO plugin v28.3 - https:\/\/yoast.com\/product\/yoast-seo-wordpress\/ -->\n<title>Europaturm Frankfurt | Sill Lighting<\/title>\n<meta name=\"robots\" content=\"index, follow, max-snippet:-1, max-image-preview:large, max-video-preview:-1\" \/>\n<link rel=\"canonical\" href=\"https:\/\/sill-lighting.com\/fr\/projets\/tour-europeenne-de-francfort\/\" \/>\n<meta property=\"og:locale\" content=\"fr_FR\" \/>\n<meta property=\"og:type\" content=\"article\" \/>\n<meta property=\"og:title\" content=\"Europaturm Frankfurt | Sill Lighting\" \/>\n<meta property=\"og:description\" content=\"Der Europaturm ist ein Fernmeldeturm der Deutschen Telekom in Frankfurt am Main. Er ist mit 337,5 m H\u00f6he nach dem Berliner Fernsehturm \u201eAlex\u201c (368m) der zweith\u00f6chste Deutschlands.Die exakte LED-Technik der Firma Sammode, Marke SILL, erm\u00f6glicht eine deutliche Energieeinsparung bei der Beleuchtung des Turms. Der Europaturm in Frankfurt wird mit dem Strahler Typ SILL 14L vom [&hellip;]\" \/>\n<meta property=\"og:url\" content=\"https:\/\/sill-lighting.com\/fr\/projets\/tour-europeenne-de-francfort\/\" \/>\n<meta property=\"og:site_name\" content=\"Sill Lighting\" \/>\n<meta property=\"article:modified_time\" content=\"2026-08-28T16:32:32+00:00\" \/>\n<meta property=\"og:image\" content=\"https:\/\/sill-lighting.com\/wp-content\/uploads\/2024\/12\/Header_Europaturm_Frankfurt_Sill_Website_3.jpg\" \/>\n\t<meta property=\"og:image:width\" content=\"2000\" \/>\n\t<meta property=\"og:image:height\" content=\"977\" \/>\n\t<meta property=\"og:image:type\" content=\"image\/jpeg\" \/>\n<meta name=\"twitter:card\" content=\"summary_large_image\" \/>\n<meta name=\"twitter:label1\" content=\"Dur\u00e9e de lecture estim\u00e9e\" \/>\n\t<meta name=\"twitter:data1\" content=\"2 minutes\" \/>\n<script type=\"application\/ld+json\" class=\"yoast-schema-graph\">{\"@context\":\"https:\\\/\\\/schema.org\",\"@graph\":[{\"@type\":\"WebPage\",\"@id\":\"https:\\\/\\\/sill-lighting.com\\\/projekte\\\/europaturm-frankfurt\\\/\",\"url\":\"https:\\\/\\\/sill-lighting.com\\\/projekte\\\/europaturm-frankfurt\\\/\",\"name\":\"Europaturm Frankfurt | Sill Lighting\",\"isPartOf\":{\"@id\":\"https:\\\/\\\/sill-lighting.com\\\/#website\"},\"primaryImageOfPage\":{\"@id\":\"https:\\\/\\\/sill-lighting.com\\\/projekte\\\/europaturm-frankfurt\\\/#primaryimage\"},\"image\":{\"@id\":\"https:\\\/\\\/sill-lighting.com\\\/projekte\\\/europaturm-frankfurt\\\/#primaryimage\"},\"thumbnailUrl\":\"https:\\\/\\\/sill-lighting.com\\\/wp-content\\\/uploads\\\/2024\\\/12\\\/Header_Europaturm_Frankfurt_Sill_Website_3.jpg\",\"datePublished\":\"2025-07-09T09:11:00+00:00\",\"dateModified\":\"2026-08-28T16:32:32+00:00\",\"breadcrumb\":{\"@id\":\"https:\\\/\\\/sill-lighting.com\\\/projekte\\\/europaturm-frankfurt\\\/#breadcrumb\"},\"inLanguage\":\"fr-FR\",\"potentialAction\":[{\"@type\":\"ReadAction\",\"target\":[\"https:\\\/\\\/sill-lighting.com\\\/projekte\\\/europaturm-frankfurt\\\/\"]}]},{\"@type\":\"ImageObject\",\"inLanguage\":\"fr-FR\",\"@id\":\"https:\\\/\\\/sill-lighting.com\\\/projekte\\\/europaturm-frankfurt\\\/#primaryimage\",\"url\":\"https:\\\/\\\/sill-lighting.com\\\/wp-content\\\/uploads\\\/2024\\\/12\\\/Header_Europaturm_Frankfurt_Sill_Website_3.jpg\",\"contentUrl\":\"https:\\\/\\\/sill-lighting.com\\\/wp-content\\\/uploads\\\/2024\\\/12\\\/Header_Europaturm_Frankfurt_Sill_Website_3.jpg\",\"width\":2000,\"height\":977},{\"@type\":\"BreadcrumbList\",\"@id\":\"https:\\\/\\\/sill-lighting.com\\\/projekte\\\/europaturm-frankfurt\\\/#breadcrumb\",\"itemListElement\":[{\"@type\":\"ListItem\",\"position\":1,\"name\":\"Home\",\"item\":\"https:\\\/\\\/sill-lighting.com\\\/\"},{\"@type\":\"ListItem\",\"position\":2,\"name\":\"Europaturm Frankfurt\"}]},{\"@type\":\"WebSite\",\"@id\":\"https:\\\/\\\/sill-lighting.com\\\/#website\",\"url\":\"https:\\\/\\\/sill-lighting.com\\\/\",\"name\":\"Sill Lighting\",\"description\":\"\",\"publisher\":{\"@id\":\"https:\\\/\\\/sill-lighting.com\\\/#organization\"},\"potentialAction\":[{\"@type\":\"SearchAction\",\"target\":{\"@type\":\"EntryPoint\",\"urlTemplate\":\"https:\\\/\\\/sill-lighting.com\\\/?s={search_term_string}\"},\"query-input\":{\"@type\":\"PropertyValueSpecification\",\"valueRequired\":true,\"valueName\":\"search_term_string\"}}],\"inLanguage\":\"fr-FR\"},{\"@type\":\"Organization\",\"@id\":\"https:\\\/\\\/sill-lighting.com\\\/#organization\",\"name\":\"Sill Lighting\",\"url\":\"https:\\\/\\\/sill-lighting.com\\\/\",\"logo\":{\"@type\":\"ImageObject\",\"inLanguage\":\"fr-FR\",\"@id\":\"https:\\\/\\\/sill-lighting.com\\\/#\\\/schema\\\/logo\\\/image\\\/\",\"url\":\"https:\\\/\\\/sill-lighting.com\\\/wp-content\\\/uploads\\\/2024\\\/11\\\/SILL-LOGO.svg\",\"contentUrl\":\"https:\\\/\\\/sill-lighting.com\\\/wp-content\\\/uploads\\\/2024\\\/11\\\/SILL-LOGO.svg\",\"caption\":\"Sill Lighting\"},\"image\":{\"@id\":\"https:\\\/\\\/sill-lighting.com\\\/#\\\/schema\\\/logo\\\/image\\\/\"}}]}<\/script>\n<!-- \/ Yoast SEO plugin. -->","yoast_head_json":{"title":"Europaturm Frankfurt | Sill Lighting","robots":{"index":"index","follow":"follow","max-snippet":"max-snippet:-1","max-image-preview":"max-image-preview:large","max-video-preview":"max-video-preview:-1"},"canonical":"https:\/\/sill-lighting.com\/fr\/projets\/tour-europeenne-de-francfort\/","og_locale":"fr_FR","og_type":"article","og_title":"Europaturm Frankfurt | Sill Lighting","og_description":"Der Europaturm ist ein Fernmeldeturm der Deutschen Telekom in Frankfurt am Main. Er ist mit 337,5 m H\u00f6he nach dem Berliner Fernsehturm \u201eAlex\u201c (368m) der zweith\u00f6chste Deutschlands.Die exakte LED-Technik der Firma Sammode, Marke SILL, erm\u00f6glicht eine deutliche Energieeinsparung bei der Beleuchtung des Turms. Der Europaturm in Frankfurt wird mit dem Strahler Typ SILL 14L vom [&hellip;]","og_url":"https:\/\/sill-lighting.com\/fr\/projets\/tour-europeenne-de-francfort\/","og_site_name":"Sill Lighting","article_modified_time":"2026-08-28T16:32:32+00:00","og_image":[{"width":2000,"height":977,"url":"https:\/\/sill-lighting.com\/wp-content\/uploads\/2024\/12\/Header_Europaturm_Frankfurt_Sill_Website_3.jpg","type":"image\/jpeg"}],"twitter_card":"summary_large_image","twitter_misc":{"Dur\u00e9e de lecture estim\u00e9e":"2 minutes"},"schema":{"@context":"https:\/\/schema.org","@graph":[{"@type":"WebPage","@id":"https:\/\/sill-lighting.com\/projekte\/europaturm-frankfurt\/","url":"https:\/\/sill-lighting.com\/projekte\/europaturm-frankfurt\/","name":"Europaturm Frankfurt | Sill Lighting","isPartOf":{"@id":"https:\/\/sill-lighting.com\/#website"},"primaryImageOfPage":{"@id":"https:\/\/sill-lighting.com\/projekte\/europaturm-frankfurt\/#primaryimage"},"image":{"@id":"https:\/\/sill-lighting.com\/projekte\/europaturm-frankfurt\/#primaryimage"},"thumbnailUrl":"https:\/\/sill-lighting.com\/wp-content\/uploads\/2024\/12\/Header_Europaturm_Frankfurt_Sill_Website_3.jpg","datePublished":"2025-07-09T09:11:00+00:00","dateModified":"2026-08-28T16:32:32+00:00","breadcrumb":{"@id":"https:\/\/sill-lighting.com\/projekte\/europaturm-frankfurt\/#breadcrumb"},"inLanguage":"fr-FR","potentialAction":[{"@type":"ReadAction","target":["https:\/\/sill-lighting.com\/projekte\/europaturm-frankfurt\/"]}]},{"@type":"ImageObject","inLanguage":"fr-FR","@id":"https:\/\/sill-lighting.com\/projekte\/europaturm-frankfurt\/#primaryimage","url":"https:\/\/sill-lighting.com\/wp-content\/uploads\/2024\/12\/Header_Europaturm_Frankfurt_Sill_Website_3.jpg","contentUrl":"https:\/\/sill-lighting.com\/wp-content\/uploads\/2024\/12\/Header_Europaturm_Frankfurt_Sill_Website_3.jpg","width":2000,"height":977},{"@type":"BreadcrumbList","@id":"https:\/\/sill-lighting.com\/projekte\/europaturm-frankfurt\/#breadcrumb","itemListElement":[{"@type":"ListItem","position":1,"name":"Home","item":"https:\/\/sill-lighting.com\/"},{"@type":"ListItem","position":2,"name":"Europaturm Frankfurt"}]},{"@type":"WebSite","@id":"https:\/\/sill-lighting.com\/#website","url":"https:\/\/sill-lighting.com\/","name":"Sill Lighting","description":"","publisher":{"@id":"https:\/\/sill-lighting.com\/#organization"},"potentialAction":[{"@type":"SearchAction","target":{"@type":"EntryPoint","urlTemplate":"https:\/\/sill-lighting.com\/?s={search_term_string}"},"query-input":{"@type":"PropertyValueSpecification","valueRequired":true,"valueName":"search_term_string"}}],"inLanguage":"fr-FR"},{"@type":"Organization","@id":"https:\/\/sill-lighting.com\/#organization","name":"Sill Lighting","url":"https:\/\/sill-lighting.com\/","logo":{"@type":"ImageObject","inLanguage":"fr-FR","@id":"https:\/\/sill-lighting.com\/#\/schema\/logo\/image\/","url":"https:\/\/sill-lighting.com\/wp-content\/uploads\/2024\/11\/SILL-LOGO.svg","contentUrl":"https:\/\/sill-lighting.com\/wp-content\/uploads\/2024\/11\/SILL-LOGO.svg","caption":"Sill Lighting"},"image":{"@id":"https:\/\/sill-lighting.com\/#\/schema\/logo\/image\/"}}]}},"_links":{"self":[{"href":"https:\/\/sill-lighting.com\/fr\/wp-json\/wp\/v2\/projects\/575","targetHints":{"allow":["GET"]}}],"collection":[{"href":"https:\/\/sill-lighting.com\/fr\/wp-json\/wp\/v2\/projects"}],"about":[{"href":"https:\/\/sill-lighting.com\/fr\/wp-json\/wp\/v2\/types\/projects"}],"wp:featuredmedia":[{"embeddable":true,"href":"https:\/\/sill-lighting.com\/fr\/wp-json\/wp\/v2\/media\/576"}],"wp:attachment":[{"href":"https:\/\/sill-lighting.com\/fr\/wp-json\/wp\/v2\/media?parent=575"}],"curies":[{"name":"wp","href":"https:\/\/api.w.org\/{rel}","templated":true}]}}